{"id":208,"date":"2023-02-27T07:35:31","date_gmt":"2023-02-27T07:35:31","guid":{"rendered":"https:\/\/ple117.poznan.pl\/?page_id=208"},"modified":"2026-04-09T06:27:33","modified_gmt":"2026-04-09T06:27:33","slug":"kalendarz-imprez","status":"publish","type":"page","link":"https:\/\/ple117.poznan.pl\/?page_id=208","title":{"rendered":"Kalendarz imprez"},"content":{"rendered":"\n<h6 class=\"wp-block-heading\">SIERPIE\u0143 &#8211; wakacyjna przerwa, wakacyjny wypoczynek<\/h6>\n\n\n\n<h6 class=\"wp-block-heading\">LIPIEC &#8211; zapraszamy do przedszkola zapisane dzieci<\/h6>\n\n\n\n<h2 class=\"wp-block-heading\">MAJ<\/h2>\n\n\n\n<ul>\n<li><strong>28.05 &#8211; Festyn Rodzinny<\/strong><\/li>\n<\/ul>\n\n\n\n<h2 class=\"wp-block-heading\">MARZEC<\/h2>\n\n\n\n<ul>\n<li><strong>26.03 &#8211; \u015aniadanie wielkanocne<\/strong> <strong>oraz poszukiwanie zaj\u0105czka w ogrodzie <\/strong><\/li>\n\n\n\n<li><strong>25.03 &#8211; Kiermasz wielkanocny<\/strong><\/li>\n\n\n\n<li><strong>23.03 &#8211; autokarowa wycieczka przedszkolna do Deliparku <\/strong><\/li>\n<\/ul>\n\n\n\n<p><strong>Warsztaty w Bramie Poznania z cyklu FACHOWCY W OGRODZIE pt. &#8222;Gr\u00f3d na Ostrowie Tumskim zawody dawne i wsp\u00f3\u0142czesne, d\u017awi\u0119ki&#8221;.<\/strong><\/p>\n\n\n\n<p><strong>Wyjazd wg harmonogramu:<\/strong><\/p>\n\n\n\n<ul>\n<li>wtorek 10 marca g.11.30<br>gr. \u015awierszcze<\/li>\n\n\n\n<li>\u015broda 11 marca g.11.30<br>gr. Biedronki<\/li>\n\n\n\n<li>czwartek 12 marca g.11.30 gr. B\u0105ki<\/li>\n<\/ul>\n\n\n\n<h2 class=\"wp-block-heading\">LUTY<\/h2>\n\n\n\n<ul>\n<li><strong>12.02 &#8211; Bal u Kr\u00f3la<\/strong><\/li>\n<\/ul>\n\n\n\n<h2 class=\"wp-block-heading\">STYCZE\u0143<\/h2>\n\n\n\n<ul>\n<li><strong>28 stycznia, godz. 10.00 &#8211; Wyst\u0119p z okazji Dnia Babci i Dziadka dla Senior\u00f3w z Klubu Promie\u0144<\/strong><\/li>\n\n\n\n<li><strong>Dzie\u0144 Babci i Dziadka <\/strong>w przedszkolu. Dzieci serdecznie zapraszaj\u0105 swoje babcie i dziadk\u00f3w na uroczysto\u015bci przedszkolne wg harmonogramu:\n<ul>\n<li>21 stycznia, godz. 10:00 &#8211; \u015awierszcze <\/li>\n\n\n\n<li>22 stycznia, godz. 10.00 &#8211; Motyle <\/li>\n\n\n\n<li>22 stycznia, godz. 11:30 &#8211; B\u0105ki<\/li>\n\n\n\n<li>23 stycznia, godz. 10:30 &#8211; Biedronki <\/li>\n<\/ul>\n<\/li>\n<\/ul>\n\n\n\n<h2 class=\"wp-block-heading\">GRUDZIE\u0143<\/h2>\n\n\n\n<ul>\n<li><strong>17 grudnia &#8211; Wizyta Miko\u0142aja oraz Uroczysty Obiad Wigilijny <\/strong><\/li>\n\n\n\n<li><strong>9-15 grudnia &#8211; Spotkania grupowe z rodzicami<\/strong>\n<ul>\n<li>9 grudnia, godz. 10:30 &#8211; Motyle zapraszaj\u0105 na warsztaty i Pasowanie na Przedszkolaka <\/li>\n\n\n\n<li>11 grudnia, godz. 15:30 &#8211; Biedronki<\/li>\n\n\n\n<li>15 grudnia, godz. 11:00 &#8211; B\u0105ki<\/li>\n\n\n\n<li>15 grudnia, godz. 15:30 \u015awierszcze<\/li>\n<\/ul>\n<\/li>\n\n\n\n<li><strong>12 grudnia<\/strong> &#8211; <strong>Kiermasz \u015awi\u0105teczny <\/strong><\/li>\n\n\n\n<li><strong>6 grudnia &#8211; Miko\u0142ajki<\/strong><\/li>\n<\/ul>\n\n\n\n<h2 class=\"wp-block-heading\">LISTOPAD<\/h2>\n\n\n\n<ul>\n<li><strong>26 listopada &#8211; Andrzejki z magikiem BROZIM<\/strong><\/li>\n<\/ul>\n\n\n\n<h2 class=\"wp-block-heading\">PA\u0179DZIERNIK<\/h2>\n\n\n\n<ul>\n<li><strong>31 pa\u017adziernika &#8211; Strasznie Fajny Bal<\/strong><\/li>\n\n\n\n<li><strong>22 pa\u017adziernika &#8211; wyj\u015bcie grupy Biedronek do Bramy Poznania na warsztaty edukacyjne pt. &#8222;Tajemnice pewnego miecza&#8221;<\/strong><\/li>\n\n\n\n<li><strong>21 pa\u017adziernika &#8211; wyj\u015bcie Biedronek na koncert do Szko\u0142y Muzycznej I stopnia<\/strong><\/li>\n\n\n\n<li><strong>16 pa\u017adziernika &#8211; wyj\u015bcie grupy B\u0105k\u00f3w do Bramy Poznania na warsztaty edukacyjne pt. &#8222;Tajemnice pewnego miecza&#8221;<\/strong><\/li>\n\n\n\n<li><strong>14 pa\u017adziernika &#8211; wyj\u015bcie grupy \u015awierszczy do Bramy Poznania na warsztaty edukacyjne pt. &#8222;Tajemnice pewnego miecza&#8221;<\/strong><\/li>\n\n\n\n<li><strong>od 13 do 17 pa\u017adziernika realizacja programu &#8222;KR\u00d3L MACIU\u015a  I  NA STRA\u017bY PRAWA DZIECKA&#8221;<\/strong><\/li>\n\n\n\n<li><strong>9 pa\u017adziernika &#8211; Biedronki jad\u0105 zwiedzi\u0107 Lotnisko \u0141awica<\/strong><\/li>\n<\/ul>\n\n\n\n<h2 class=\"wp-block-heading\">WRZESIE\u0143 <\/h2>\n\n\n\n<ul>\n<li><strong>30 wrze\u015bnia &#8211; Dzie\u0144 Ch\u0142opca<\/strong><\/li>\n\n\n\n<li><strong>25 wrze\u015bnia &#8211; Biedronki id\u0105 na Turniej Pi\u0142ki No\u017cnej na stadion Olimp<\/strong><\/li>\n\n\n\n<li><strong>24 wrze\u015bnia &#8211; Biedronki i B\u0105ki uczestniczy\u0142y w warsztatach LEGO <\/strong><\/li>\n\n\n\n<li><strong>22 wrze\u015bnia &#8211; uroczyste obchody dnia przedszkolaka na terenie przedszkola <\/strong><\/li>\n\n\n\n<li><strong>19 wrze\u015bnia &#8211; Biedronki i B\u0105ki jad\u0105 na Stadion Lekkoatletyczny na Gol\u0119cinie w ramach udzia\u0142u w miejskich obchodach Og\u00f3lnopolskiego Dnia Przedszkolaka<\/strong><\/li>\n\n\n\n<li><strong>18 wrze\u015bnia &#8211; wizyta Krysi Ratownisi w przedszkolu <\/strong><\/li>\n\n\n\n<li><strong>16 wrze\u015bnia &#8211; wszystkie dzieci wysz\u0142y posprz\u0105ta\u0107 teren wok\u00f3\u0142 przedszkola w ramach lokalnej akcji &#8222;Posprz\u0105taj Sw\u00f3j Fyrtel&#8221;<\/strong><\/li>\n\n\n\n<li><strong>15 &#8211; 19 wrze\u015bnia &#8211; &#8222;\u017byjemy bezpiecznie, zdrowo i na sportowo&#8221; &#8211; realizacja projektu edukacyjnego &#8222;ZDROWIE UKRYTE W KOLORACH&#8221;<\/strong> <strong>w ramach Og\u00f3lnopolskiego Dnia Przedszkolaka<\/strong><\/li>\n<\/ul>\n","protected":false},"excerpt":{"rendered":"<p>SIERPIE\u0143 &#8211; wakacyjna przerwa, wakacyjny wypoczynek LIPIEC &#8211; zapraszamy do przedszkola zapisane dzieci MAJ MARZEC Warsztaty w Bramie Poznania z cyklu FACHOWCY W OGRODZIE pt. &#8222;Gr\u00f3d na Ostrowie Tumskim zawody dawne i wsp\u00f3\u0142czesne, d\u017awi\u0119ki&#8221;. Wyjazd wg harmonogramu: LUTY STYCZE\u0143 GRUDZIE\u0143 LISTOPAD PA\u0179DZIERNIK WRZESIE\u0143<\/p>\n","protected":false},"author":1,"featured_media":0,"parent":0,"menu_order":0,"comment_status":"closed","ping_status":"closed","template":"","meta":{"footnotes":""},"_links":{"self":[{"href":"https:\/\/ple117.poznan.pl\/index.php?rest_route=\/wp\/v2\/pages\/208"}],"collection":[{"href":"https:\/\/ple117.poznan.pl\/index.php?rest_route=\/wp\/v2\/pages"}],"about":[{"href":"https:\/\/ple117.poznan.pl\/index.php?rest_route=\/wp\/v2\/types\/page"}],"author":[{"embeddable":true,"href":"https:\/\/ple117.poznan.pl\/index.php?rest_route=\/wp\/v2\/users\/1"}],"replies":[{"embeddable":true,"href":"https:\/\/ple117.poznan.pl\/index.php?rest_route=%2Fwp%2Fv2%2Fcomments&post=208"}],"version-history":[{"count":95,"href":"https:\/\/ple117.poznan.pl\/index.php?rest_route=\/wp\/v2\/pages\/208\/revisions"}],"predecessor-version":[{"id":5085,"href":"https:\/\/ple117.poznan.pl\/index.php?rest_route=\/wp\/v2\/pages\/208\/revisions\/5085"}],"wp:attachment":[{"href":"https:\/\/ple117.poznan.pl\/index.php?rest_route=%2Fwp%2Fv2%2Fmedia&parent=208"}],"curies":[{"name":"wp","href":"https:\/\/api.w.org\/{rel}","templated":true}]}}